{"id":10632,"date":"2025-09-16T17:58:34","date_gmt":"2025-09-16T15:58:34","guid":{"rendered":"https:\/\/www.ferro.cat\/Despertaferro\/?page_id=10632"},"modified":"2025-09-16T17:59:40","modified_gmt":"2025-09-16T15:59:40","slug":"politica-de-privacitat","status":"publish","type":"page","link":"https:\/\/www.ferro.cat\/Despertaferro\/politica-de-privacitat\/","title":{"rendered":"Pol\u00edtica de Privacitat"},"content":{"rendered":"<div class=\"wpb-content-wrapper\"><p>[vc_row full_width=&#8221;stretch_row&#8221; content_placement=&#8221;middle&#8221; css=&#8221;.vc_custom_1758038003002{margin-bottom: 40px !important;background-image: url(https:\/\/www.ferro.cat\/Despertaferro\/wp-content\/uploads\/2021\/11\/guerrero-agua-scaled.png?id=10520) !important;background-position: center !important;background-repeat: no-repeat !important;background-size: cover !important;}&#8221; woodmart_css_id=&#8221;68c987de6ec1f&#8221; responsive_spacing=&#8221;eyJwYXJhbV90eXBlIjoid29vZG1hcnRfcmVzcG9uc2l2ZV9zcGFjaW5nIiwic2VsZWN0b3JfaWQiOiI2OGM5ODdkZTZlYzFmIiwic2hvcnRjb2RlIjoidmNfcm93IiwiZGF0YSI6eyJ0YWJsZXQiOnt9LCJtb2JpbGUiOnt9fX0=&#8221; mobile_bg_img_hidden=&#8221;no&#8221; tablet_bg_img_hidden=&#8221;no&#8221; woodmart_parallax=&#8221;0&#8243; woodmart_gradient_switch=&#8221;no&#8221; woodmart_box_shadow=&#8221;no&#8221; wd_z_index=&#8221;no&#8221; woodmart_disable_overflow=&#8221;0&#8243; row_reverse_mobile=&#8221;0&#8243; row_reverse_tablet=&#8221;0&#8243;][vc_column]\t\t<div id=\"wd-68c9890d36166\" class=\"wd-text-block wd-wpb reset-last-child wd-rs-68c9890d36166 text-left \">\n\t\t\t<p style=\"text-align: justify;\"><span style=\"color: #000000;\"><b>POL\u00cdTICA DE PRIVACITAT DEL LLOC WEB<\/b> <b>www.ferro.cat<\/b><\/span><\/p>\n<h3 style=\"text-align: justify;\"><span style=\"color: #000000;\"><b>I. POL\u00cdTICA DE PRIVACITAT I PROTECCI\u00d3 DE DADES<\/b><\/span><\/h3>\n<p style=\"text-align: justify;\"><span style=\"color: #000000;\">Respectant el que estableix la legislaci\u00f3 vigent, La Rostisseria de Vilafranca del Pened\u00e8s (d\u2019ara endavant, tamb\u00e9 Lloc Web) es compromet a adoptar les mesures t\u00e8cniques i organitzatives necess\u00e0ries, segons el nivell de seguretat adequat al risc de les dades recollides.<\/span><\/p>\n<h4 style=\"text-align: justify;\"><span style=\"color: #000000;\"><b>Lleis que incorpora aquesta pol\u00edtica de privacitat<\/b><\/span><\/h4>\n<p style=\"text-align: justify;\"><span style=\"color: #000000;\">Aquesta pol\u00edtica de privacitat est\u00e0 adaptada a la normativa espanyola i europea vigent en mat\u00e8ria de protecci\u00f3 de dades personals a Internet. En concret, respecta les seg\u00fcents normes:<\/span><\/p>\n<ul style=\"text-align: justify;\">\n<li><span style=\"color: #000000;\">El Reglament (UE) 2016\/679 del Parlament Europeu i del Consell, de 27 d\u2019abril de 2016, relatiu a la protecci\u00f3 de les persones f\u00edsiques pel que fa al tractament de dades personals i a la lliure circulaci\u00f3 d\u2019aquestes dades (RGPD).<\/span><\/li>\n<li><span style=\"color: #000000;\">La Llei Org\u00e0nica 3\/2018, de 5 de desembre, de Protecci\u00f3 de Dades Personals i garantia dels drets digitals (LOPD-GDD).<\/span><\/li>\n<li><span style=\"color: #000000;\">El Reial Decret 1720\/2007, de 21 de desembre, pel qual s&#8217;aprova el Reglament de desenvolupament de la Llei Org\u00e0nica 15\/1999, de 13 de desembre, de Protecci\u00f3 de Dades de Car\u00e0cter Personal (RDLOPD).<\/span><\/li>\n<li><span style=\"color: #000000;\">La Llei 34\/2002, d&#8217;11 de juliol, de Serveis de la Societat de la Informaci\u00f3 i de Comer\u00e7 Electr\u00f2nic (LSSI-CE).<\/span><\/li>\n<\/ul>\n<h4 style=\"text-align: justify;\"><span style=\"color: #000000;\"><b>Identitat del responsable del tractament de les dades personals<\/b><\/span><\/h4>\n<p style=\"text-align: justify;\"><span style=\"color: #000000;\">El responsable del tractament de les dades personals recollides a La Rostisseria de Vilafranca del Pened\u00e8s \u00e9s: Josep Aran S.L., prove\u00efda de NIF\/CIF: B65098170 i inscrita a: amb les seg\u00fcents dades registrals: , el seu representant \u00e9s: Josep Aran (d&#8217;ara endavant, Responsable del tractament). Les seves dades de contacte s\u00f3n les seg\u00fcents:<\/span><\/p>\n<p style=\"text-align: justify;\"><span style=\"color: #000000;\"><b>Adre\u00e7a:<\/b> Rambla Nostra Senyora, 13 08720 Vilafranca del Pened\u00e8s, Barcelona <b>Tel\u00e8fon de contacte:<\/b> 93 688 46 09 <b>Correu electr\u00f2nic de contacte:<\/b> info@ferro.cat<\/span><\/p>\n<h4 style=\"text-align: justify;\"><span style=\"color: #000000;\"><b>Registre de Dades de Car\u00e0cter Personal<\/b><\/span><\/h4>\n<p style=\"text-align: justify;\"><span style=\"color: #000000;\">En compliment del que estableixen l&#8217;RGPD i la LOPD-GDD, l&#8217;informem que les dades personals recollides per La Rostisseria de Vilafranca del Pened\u00e8s, mitjan\u00e7ant els formularis de les seves p\u00e0gines, quedaran incorporades i seran tractades al nostre fitxer per tal de poder facilitar, agilitzar i complir els compromisos establerts entre La Rostisseria de Vilafranca del Pened\u00e8s i l&#8217;Usuari o el manteniment de la relaci\u00f3 que s&#8217;estableixi en els formularis que aquest ompli, o per atendre una sol\u00b7licitud o consulta seva. <span class=\"citation-346 citation-end-346\">Aix\u00ed mateix, de conformitat amb el que preveu l&#8217;RGPD i la LOPD-GDD, llevat que sigui aplicable l&#8217;excepci\u00f3 prevista a l&#8217;article 30.5 de l&#8217;RGPD, es mant\u00e9 un registre d&#8217;activitats de tractament que especifica, segons les seves finalitats, l<\/span>es activitats de tractament dutes a terme i les altres circumst\u00e0ncies establertes a l&#8217;RGPD.<\/span><\/p>\n<div class=\"source-inline-chip-container ng-star-inserted\" style=\"text-align: justify;\"><\/div>\n<h4 style=\"text-align: justify;\"><span style=\"color: #000000;\"><b>Principis aplicables al tractament de les dades personals<\/b><\/span><\/h4>\n<p style=\"text-align: justify;\"><span style=\"color: #000000;\">El tractament de les dades personals de l&#8217;Usuari se sotmetr\u00e0 als seg\u00fcents principis recollits a l&#8217;article 5 de l&#8217;RGPD i a l&#8217;article 4 i seg\u00fcents de la Llei Org\u00e0nica 3\/2018, de 5 de desembre, de Protecci\u00f3 de Dades Personals i garantia dels drets digitals:<\/span><\/p>\n<ul style=\"text-align: justify;\">\n<li><span style=\"color: #000000;\"><b>Principi de licitud, lleialtat i transpar\u00e8ncia:<\/b> Es requerir\u00e0 en tot moment el consentiment de l&#8217;Usuari pr\u00e8via informaci\u00f3 completament transparent de les finalitats per a les quals es recullen les dades personals.<\/span><\/li>\n<li><span style=\"color: #000000;\"><b>Principi de limitaci\u00f3 de la finalitat:<\/b> Les dades personals seran recollides amb finalitats determinades, expl\u00edcites i leg\u00edtimes.<\/span><\/li>\n<li><span style=\"color: #000000;\"><b>Principi de minimitzaci\u00f3 de dades:<\/b> Les dades personals recollides seran \u00fanicament les estrictament necess\u00e0ries en relaci\u00f3 amb les finalitats per a les quals s\u00f3n tractades.<\/span><\/li>\n<li><span style=\"color: #000000;\"><b>Principi d&#8217;exactitud:<\/b> Les dades personals han de ser exactes i estar sempre actualitzades.<\/span><\/li>\n<li><span style=\"color: #000000;\"><b>Principi de limitaci\u00f3 del termini de conservaci\u00f3:<\/b> Les dades personals nom\u00e9s seran mantingudes de manera que es permeti la identificaci\u00f3 de l&#8217;Usuari durant el temps necessari per a les finalitats del seu tractament.<\/span><\/li>\n<li><span style=\"color: #000000;\"><b>Principi d&#8217;integritat i confidencialitat:<\/b> Les dades personals seran tractades de manera que se&#8217;n garanteixi la seguretat i la confidencialitat.<\/span><\/li>\n<li><span style=\"color: #000000;\"><b>Principi de responsabilitat proactiva:<\/b> El Responsable del tractament ser\u00e0 responsable d&#8217;assegurar que els principis anteriors es compleixen.<\/span><\/li>\n<\/ul>\n<h4 style=\"text-align: justify;\"><span style=\"color: #000000;\"><b>Categories de dades personals<\/b><\/span><\/h4>\n<p style=\"text-align: justify;\"><span style=\"color: #000000;\">Les categories de dades que es tracten a La Rostisseria de Vilafranca del Pened\u00e8s s\u00f3n \u00fanicament dades identificatives. En cap cas, es tracten categories especials de dades personals en el sentit de l&#8217;article 9 de l&#8217;RGPD.<\/span><\/p>\n<h4 style=\"text-align: justify;\"><span style=\"color: #000000;\"><b>Base legal per al tractament de les dades personals<\/b><\/span><\/h4>\n<p style=\"text-align: justify;\"><span style=\"color: #000000;\">La base legal per al tractament de les dades personals \u00e9s el consentiment. La Rostisseria de Vilafranca del Pened\u00e8s es compromet a recollir el consentiment expr\u00e9s i verificable de l&#8217;Usuari per al tractament de les seves dades personals per a una o diverses finalitats espec\u00edfiques.<\/span><\/p>\n<p style=\"text-align: justify;\"><span style=\"color: #000000;\">L&#8217;Usuari tindr\u00e0 dret a retirar el seu consentiment en qualsevol moment. Ser\u00e0 tan f\u00e0cil retirar el consentiment com donar-lo. Com a regla general, la retirada del consentiment no condicionar\u00e0 l&#8217;\u00fas del Lloc Web.<\/span><\/p>\n<p style=\"text-align: justify;\"><span style=\"color: #000000;\">En les ocasions en qu\u00e8 l&#8217;Usuari hagi o pugui facilitar les seves dades a trav\u00e9s de formularis per realitzar consultes, sol\u00b7licitar informaci\u00f3 o per motius relacionats amb el contingut del Lloc Web, se l&#8217;informar\u00e0 en cas que el compliment d&#8217;algun d&#8217;ells sigui obligatori, ja que s\u00f3n imprescindibles per al correcte desenvolupament de l&#8217;operaci\u00f3 realitzada.<\/span><\/p>\n<h4 style=\"text-align: justify;\"><span style=\"color: #000000;\"><b>Finalitats del tractament a qu\u00e8 es destinen les dades personals<\/b><\/span><\/h4>\n<p style=\"text-align: justify;\"><span style=\"color: #000000;\">Les dades personals s\u00f3n recollides i gestionades per La Rostisseria de Vilafranca del Pened\u00e8s amb la finalitat de poder facilitar, agilitzar i complir els compromisos establerts entre el Lloc Web i l&#8217;Usuari o el manteniment de la relaci\u00f3 que s&#8217;estableixi en els formularis que aquest \u00faltim ompli o per atendre una sol\u00b7licitud o consulta.<\/span><\/p>\n<p style=\"text-align: justify;\"><span style=\"color: #000000;\">Igualment, les dades podran ser utilitzades amb una finalitat comercial de personalitzaci\u00f3, operativa i estad\u00edstica, i activitats pr\u00f2pies de l&#8217;objecte social de La Rostisseria de Vilafranca del Pened\u00e8s, aix\u00ed com per a l&#8217;extracci\u00f3, emmagatzematge de dades i estudis de m\u00e0rqueting per adequar el Contingut ofert a l&#8217;Usuari, aix\u00ed com per millorar la qualitat, funcionament i navegaci\u00f3 pel Lloc Web.<\/span><\/p>\n<p style=\"text-align: justify;\"><span style=\"color: #000000;\">En el moment en qu\u00e8 s&#8217;obtinguin les dades personals, s&#8217;informar\u00e0 l&#8217;Usuari sobre la finalitat o finalitats espec\u00edfiques del tractament a qu\u00e8 es destinaran les dades personals; \u00e9s a dir, l&#8217;\u00fas o usos que se li donar\u00e0 a la informaci\u00f3 recopilada.<\/span><\/p>\n<h4 style=\"text-align: justify;\"><span style=\"color: #000000;\"><b>Per\u00edodes de retenci\u00f3 de les dades personals<\/b><\/span><\/h4>\n<p style=\"text-align: justify;\"><span style=\"color: #000000;\">Les dades personals nom\u00e9s seran retingudes durant el temps m\u00ednim necessari per a les finalitats del seu tractament i, en tot cas, \u00fanicament durant el seg\u00fcent termini: 24 mesos, o fins que l&#8217;Usuari en sol\u00b7liciti la supressi\u00f3.<\/span><\/p>\n<p style=\"text-align: justify;\"><span style=\"color: #000000;\">En el moment en qu\u00e8 s&#8217;obtinguin les dades personals, s&#8217;informar\u00e0 l&#8217;Usuari sobre el termini durant el qual es conservaran les dades personals o, quan aix\u00f2 no sigui possible, els criteris utilitzats per determinar aquest termini.<\/span><\/p>\n<h4 style=\"text-align: justify;\"><span style=\"color: #000000;\"><b>Destinataris de les dades personals<\/b><\/span><\/h4>\n<p style=\"text-align: justify;\"><span style=\"color: #000000;\">Les dades personals de l&#8217;Usuari no seran compartides amb tercers.<\/span><\/p>\n<p style=\"text-align: justify;\"><span style=\"color: #000000;\">En qualsevol cas, en el moment en qu\u00e8 s&#8217;obtinguin les dades personals, s&#8217;informar\u00e0 l&#8217;Usuari sobre els destinataris o les categories de destinataris de les dades personals.<\/span><\/p>\n<h4 style=\"text-align: justify;\"><span style=\"color: #000000;\"><b>Dades personals de menors d&#8217;edat<\/b><\/span><\/h4>\n<p style=\"text-align: justify;\"><span style=\"color: #000000;\">Respectant el que estableixen els articles 8 de l&#8217;RGPD i 7 de la Llei Org\u00e0nica 3\/2018, de 5 de desembre, de Protecci\u00f3 de Dades Personals i garantia dels drets digitals, nom\u00e9s els majors de 14 anys podran atorgar el seu consentiment per al tractament de les seves dades personals de forma l\u00edcita per La Rostisseria de Vilafranca del Pened\u00e8s. Si es tracta d&#8217;un menor de 14 anys, ser\u00e0 necessari el consentiment dels pares o tutors per al tractament, i aquest nom\u00e9s es considerar\u00e0 l\u00edcit en la mesura en qu\u00e8 ells l&#8217;hagin autoritzat.<\/span><\/p>\n<h4 style=\"text-align: justify;\"><span style=\"color: #000000;\"><b>Secret i seguretat de les dades personals<\/b><\/span><\/h4>\n<p style=\"text-align: justify;\"><span style=\"color: #000000;\">La Rostisseria de Vilafranca del Pened\u00e8s es compromet a adoptar les mesures t\u00e8cniques i organitzatives necess\u00e0ries, segons el nivell de seguretat adequat al risc de les dades recollides, de manera que es garanteixi la seguretat de les dades de car\u00e0cter personal i s&#8217;eviti la destrucci\u00f3, p\u00e8rdua o alteraci\u00f3 accidental o il\u00b7l\u00edcita de dades personals transmeses, conservades o tractades d&#8217;una altra forma, o la comunicaci\u00f3 o acc\u00e9s no autoritzats a aquestes dades.<\/span><\/p>\n<p style=\"text-align: justify;\"><span style=\"color: #000000;\">El Lloc Web compta amb un certificat SSL (Secure Socket Layer), que assegura que les dades personals es transmeten de forma segura i confidencial, ja que la transmissi\u00f3 de les dades entre el servidor i l&#8217;Usuari, i en retroalimentaci\u00f3, \u00e9s totalment xifrada o encriptada.<\/span><\/p>\n<p style=\"text-align: justify;\"><span style=\"color: #000000;\">No obstant aix\u00f2, com que La Rostisseria de Vilafranca del Pened\u00e8s no pot garantir la inexpugnabilitat d&#8217;Internet ni l&#8217;abs\u00e8ncia total de <i>hackers<\/i> o altres que accedeixin de manera fraudulenta a les dades personals, el Responsable del tractament es compromet a comunicar a l&#8217;Usuari sense dilaci\u00f3 indeguda quan ocorri una violaci\u00f3 de la seguretat de les dades personals que sigui probable <span class=\"citation-345 citation-end-345\">que comporti un alt risc per als drets i llibertats de les persones f\u00edsiques.<\/span><\/span><\/p>\n<div class=\"source-inline-chip-container ng-star-inserted\" style=\"text-align: justify;\"><\/div>\n<p style=\"text-align: justify;\"><span style=\"color: #000000;\"><span class=\"citation-344 citation-end-344\">Seguint el que estableix l&#8217;article 4 de l&#8217;RGPD, s&#8217;ent\u00e9n per violaci\u00f3 de la seguretat de les dades personals tota violaci\u00f3 de la seguretat que ocasioni la des<\/span>trucci\u00f3, p\u00e8rdua o alteraci\u00f3 accidental o il\u00b7l\u00edcita de dades personals transmeses, conservades o tractades d&#8217;una altra forma, o la comunicaci\u00f3 o acc\u00e9s no autoritzats a aquestes dades.<\/span><\/p>\n<div class=\"source-inline-chip-container ng-star-inserted\" style=\"text-align: justify;\"><\/div>\n<p style=\"text-align: justify;\"><span style=\"color: #000000;\">Les dades personals seran tractades com a confidencials pel Responsable del tractament, qui es compromet a informar i a garantir per mitj\u00e0 d&#8217;una obligaci\u00f3 legal o contractual que aquesta confidencialitat sigui respectada pels seus empleats, associats, i tota persona a la qual faci accessible la informaci\u00f3.<\/span><\/p>\n<h4 style=\"text-align: justify;\"><span style=\"color: #000000;\"><b>Drets derivats del tractament de les dades personals<\/b><\/span><\/h4>\n<p style=\"text-align: justify;\"><span style=\"color: #000000;\">L&#8217;Usuari t\u00e9 sobre La Rostisseria de Vilafranca del Pened\u00e8s i podr\u00e0, per tant, exercir davant del Responsable del tractament els seg\u00fcents drets reconeguts a l&#8217;RGPD i a la Llei Org\u00e0nica 3\/2018, de 5 de desembre, de Protecci\u00f3 de Dades Personals i garantia dels drets digitals:<\/span><\/p>\n<ul style=\"text-align: justify;\">\n<li><span style=\"color: #000000;\"><b>Dret d&#8217;acc\u00e9s:<\/b> \u00c9s el dret de l&#8217;Usuari a obtenir confirmaci\u00f3 de si La Rostisseria de Vilafranca del Pened\u00e8s est\u00e0 tractant o no les seves dades personals i, en cas afirmatiu, obtenir informaci\u00f3 sobre les seves dades concretes de car\u00e0cter personal i del tractament que La Rostisseria de Vilafranca del Pened\u00e8s hagi realitzat o realitzi, aix\u00ed com, entre d&#8217;altres, de la informaci\u00f3 disponible sobre l&#8217;origen d&#8217;aquestes dades i els destinataris de les comunicacions realitzades o previstes d&#8217;aquestes.<\/span><\/li>\n<li><span style=\"color: #000000;\"><b>Dret de rectificaci\u00f3:<\/b> \u00c9s el dret de l&#8217;Usuari a qu\u00e8 es modifiquin les seves dades personals que resultin ser inexactes o, tenint en compte les finalitats del tractament, incompletes.<\/span><\/li>\n<li><span style=\"color: #000000;\"><b>Dret de supressi\u00f3 (&#8220;el dret a l&#8217;oblit&#8221;):<\/b> \u00c9s el dret de l&#8217;Usuari, sempre que la legislaci\u00f3 vigent no estableixi el contrari, a obtenir la supressi\u00f3 de les seves dades personals quan aquestes ja no siguin necess\u00e0ries per a les finalitats per a les quals van ser recollides o tractades; l&#8217;Usuari hagi retirat el seu consentiment al tractament i aquest no tingui una altra base legal; l&#8217;Usuari s&#8217;oposi al tractament i no hi hagi un altre motiu leg\u00edtim per continuar-hi; les dades personals hagin estat tractades il\u00b7l\u00edcitament; les dades personals s&#8217;hagin de suprimir en compliment d&#8217;una obligaci\u00f3 legal; o les dades personals hagin estat obtingudes producte d&#8217;una oferta directa de serveis de la societat de la informaci\u00f3 a un menor de 14 anys. A m\u00e9s de suprimir les dades, el Responsable del tractament, tenint en compte la tecnologia disponible i el cost de la seva aplicaci\u00f3, haur\u00e0 d&#8217;adoptar mesures raonables per informar els responsables que estiguin tractant les dades personals de la sol\u00b7licitud de l&#8217;interessat de supressi\u00f3 de qualsevol enlla\u00e7 a aquestes dades personals.<\/span><\/li>\n<li><span style=\"color: #000000;\"><b>Dret a la limitaci\u00f3 del tractament:<\/b> \u00c9s el dret de l&#8217;Usuari a limitar el tractament de les seves dades personals. L&#8217;Usuari t\u00e9 dret a obtenir la limitaci\u00f3 del tractament quan impugni l&#8217;exactitud de les seves dades personals; el tractament sigui il\u00b7l\u00edcit; el Responsable del tractament ja no necessiti les dades personals, per\u00f2 l&#8217;Usuari les necessiti per fer reclamacions; i quan l&#8217;Usuari s&#8217;hagi oposat al tractament.<\/span><\/li>\n<li><span style=\"color: #000000;\"><b>Dret a la portabilitat de les dades:<\/b> En cas que el tractament s&#8217;efectu\u00ef per mitjans automatitzats, l&#8217;Usuari tindr\u00e0 dret a rebre del Responsable del tractament les seves dades personals en un format estructurat, d&#8217;\u00fas com\u00fa i de lectura mec\u00e0nica, i a transmetre-les a un altre responsable del tractament. Sempre que sigui t\u00e8cnicament possible, el Responsable del tractament transmetr\u00e0 directament les dades a aquest altre responsable.<\/span><\/li>\n<li><span style=\"color: #000000;\"><b>Dret d&#8217;oposici\u00f3:<\/b> \u00c9s el dret de l&#8217;Usuari a qu\u00e8 no es dugui a terme el tractament de les seves dades de car\u00e0cter personal o es cessi el tractament d&#8217;aquestes per part de La Rostisseria de Vilafranca del Pened\u00e8s.<\/span><\/li>\n<li><span style=\"color: #000000;\"><b>Dret a no ser objecte d&#8217;una decisi\u00f3 basada \u00fanicament en el tractament automatitzat, inclosa l&#8217;elaboraci\u00f3 de perfils:<\/b> \u00c9s el dret de l&#8217;Usuari a no ser objecte d&#8217;una decisi\u00f3 individualitzada basada \u00fanicament en el tractament automatitzat de les seves dades personals, inclosa l&#8217;elaboraci\u00f3 de perfils, existent llevat que la legislaci\u00f3 vigent estableixi el contrari.<\/span><\/li>\n<\/ul>\n<p style=\"text-align: justify;\"><span style=\"color: #000000;\">Aix\u00ed doncs, l&#8217;Usuari podr\u00e0 exercir els seus drets mitjan\u00e7ant comunicaci\u00f3 escrita dirigida al Responsable del tractament amb la refer\u00e8ncia &#8220;RGPD-www.ferro.cat&#8221;, especificant:<\/span><\/p>\n<ul style=\"text-align: justify;\">\n<li><span style=\"color: #000000;\">Nom, cognoms de l&#8217;Usuari i c\u00f2pia del DNI. En els casos en qu\u00e8 s&#8217;admeti la representaci\u00f3, tamb\u00e9 ser\u00e0 necess\u00e0ria la identificaci\u00f3 pel mateix mitj\u00e0 de la persona que representa a l&#8217;Usuari, aix\u00ed com el document acreditatiu de la representaci\u00f3. La fotoc\u00f2pia del DNI podr\u00e0 ser substitu\u00efda per qualsevol altre mitj\u00e0 v\u00e0lid en dret que acrediti la identitat.<\/span><\/li>\n<li><span style=\"color: #000000;\">Petici\u00f3 amb els motius espec\u00edfics de la sol\u00b7licitud o informaci\u00f3 a la qual es vol accedir.<\/span><\/li>\n<li><span style=\"color: #000000;\">Domicili a efecte de notificacions.<\/span><\/li>\n<li><span style=\"color: #000000;\">Data i signatura del sol\u00b7licitant.<\/span><\/li>\n<li><span style=\"color: #000000;\">Tot document que acrediti la petici\u00f3 que formula.<\/span><\/li>\n<\/ul>\n<p style=\"text-align: justify;\"><span style=\"color: #000000;\">Aquesta sol\u00b7licitud i qualsevol altre document adjunt podr\u00e0 enviar-se a la seg\u00fcent adre\u00e7a i\/o correu electr\u00f2nic:<\/span><\/p>\n<p style=\"text-align: justify;\"><span style=\"color: #000000;\"><b>Adre\u00e7a postal:<\/b> Rambla Nostra Senyora, 13 08720 Vilafranca del Pened\u00e8s, Barcelona <b>Correu electr\u00f2nic:<\/b> info@ferro.cat<\/span><\/p>\n<h4 style=\"text-align: justify;\"><span style=\"color: #000000;\"><b>Enlla\u00e7os a llocs web de tercers<\/b><\/span><\/h4>\n<p style=\"text-align: justify;\"><span style=\"color: #000000;\">El Lloc Web pot incloure hipervincles o enlla\u00e7os que permeten accedir a p\u00e0gines web de tercers diferents de La Rostisseria de Vilafranca del Pened\u00e8s, i que per tant no s\u00f3n operats per La Rostisseria de Vilafranca del Pened\u00e8s. Els titulars d&#8217;aquests llocs web disposaran de les seves pr\u00f2pies pol\u00edtiques de protecci\u00f3 de dades, sent ells mateixos, en cada cas, responsables dels seus propis fitxers i de les seves pr\u00f2pies pr\u00e0ctiques de privacitat.<\/span><\/p>\n<h4 style=\"text-align: justify;\"><span style=\"color: #000000;\"><b>Reclamacions davant l&#8217;autoritat de control<\/b><\/span><\/h4>\n<p style=\"text-align: justify;\"><span style=\"color: #000000;\">En cas que l&#8217;Usuari consideri que existeix un problema o infracci\u00f3 de la normativa vigent en la forma en qu\u00e8 s&#8217;estan tractant les seves dades personals, tindr\u00e0 dret a la tutela judicial efectiva i a presentar una reclamaci\u00f3 davant una autoritat de control, en particular, a l&#8217;Estat en qu\u00e8 tingui la seva resid\u00e8ncia habitual, lloc de treball o lloc de la suposada infracci\u00f3. En el cas d&#8217;Espanya, l&#8217;autoritat de control \u00e9s l&#8217;Ag\u00e8ncia Espanyola de Protecci\u00f3 de Dades (<b><a class=\"ng-star-inserted\" style=\"color: #000000;\" href=\"https:\/\/www.aepd.es\/\" target=\"_blank\" rel=\"noopener\" data-hveid=\"0\" data-ved=\"0CAAQ_4QMahcKEwjwy43a0N2PAxUAAAAAHQAAAAAQQw\">https:\/\/www.aepd.es\/<\/a><\/b>).<\/span><\/p>\n<hr \/>\n<h3 style=\"text-align: justify;\"><span style=\"color: #000000;\"><b>II. ACCEPTACI\u00d3 I CANVIS EN AQUESTA POL\u00cdTICA DE PRIVACITAT<\/b><\/span><\/h3>\n<p style=\"text-align: justify;\"><span style=\"color: #000000;\">\u00c9s necessari que l&#8217;Usuari hagi llegit i estigui d&#8217;acord amb les condicions sobre la protecci\u00f3 de dades de car\u00e0cter personal contingudes en aquesta Pol\u00edtica de Privacitat, aix\u00ed com que accepti el tractament de les seves dades personals perqu\u00e8 el Responsable del tractament pugui procedir de la mateixa manera, durant els terminis i per a les finalitats indicades. L&#8217;\u00fas del Lloc Web implicar\u00e0 l&#8217;acceptaci\u00f3 de la Pol\u00edtica de Privacitat d&#8217;aquest.<\/span><\/p>\n<p style=\"text-align: justify;\"><span style=\"color: #000000;\">La Rostisseria de Vilafranca del Pened\u00e8s es reserva el dret a modificar la seva Pol\u00edtica de Privacitat, d&#8217;acord amb el seu propi criteri, o motivat per un canvi legislatiu, jurisprudencial o doctrinal de l&#8217;Ag\u00e8ncia Espanyola de Protecci\u00f3 de Dades. Els canvis o actualitzacions d&#8217;aquesta Pol\u00edtica de Privacitat no seran notificats de forma expl\u00edcita a l&#8217;Usuari. Es recomana a l&#8217;Usuari consultar aquesta p\u00e0gina de forma peri\u00f2dica per estar al corrent dels \u00faltims canvis o actualitzacions.<\/span><\/p>\n<p style=\"text-align: justify;\"><span style=\"color: #000000;\">Aquesta Pol\u00edtica de Privacitat va ser actualitzada per adaptar-se al Reglament (UE) 2016\/679 del Parlament Europeu i del Consell, de 27 d&#8217;abril de 2016, relatiu a la protecci\u00f3 de les persones f\u00edsiques pel que fa al tractament de dades personals i a la lliure circulaci\u00f3 d&#8217;aquestes dades (RGPD) i a la Llei Org\u00e0nica 3\/2018, de 5 de desembre, de Protecci\u00f3 de Dades Personals i garantia dels drets digitals.<\/span><\/p>\n\t\t<\/div>\n\t\t[\/vc_column][\/vc_row]<\/p>\n<\/div>","protected":false},"excerpt":{"rendered":"<p>[vc_row full_width=&#8221;stretch_row&#8221; content_placement=&#8221;middle&#8221; css=&#8221;.vc_custom_1758038003002{margin-bottom: 40px !important;background-image: url(https:\/\/www.ferro.cat\/Despertaferro\/wp-content\/uploads\/2021\/11\/guerrero-agua-scaled.png?id=10520) !important;background-position: center !important;background-repeat: no-repeat !important;background-size: cover !important;}&#8221; woodmart_css_id=&#8221;68c987de6ec1f&#8221; responsive_spacing=&#8221;eyJwYXJhbV90eXBlIjoid29vZG1hcnRfcmVzcG9uc2l2ZV9zcGFjaW5nIiwic2VsZWN0b3JfaWQiOiI2OGM5ODdkZTZlYzFmIiwic2hvcnRjb2RlIjoidmNfcm93IiwiZGF0YSI6eyJ0YWJsZXQiOnt9LCJtb2JpbGUiOnt9fX0=&#8221; mobile_bg_img_hidden=&#8221;no&#8221; tablet_bg_img_hidden=&#8221;no&#8221; woodmart_parallax=&#8221;0&#8243; woodmart_gradient_switch=&#8221;no&#8221;<\/p>\n","protected":false},"author":1,"featured_media":0,"parent":0,"menu_order":0,"comment_status":"closed","ping_status":"closed","template":"","meta":{"footnotes":""},"class_list":["post-10632","page","type-page","status-publish","hentry"],"_links":{"self":[{"href":"https:\/\/www.ferro.cat\/Despertaferro\/wp-json\/wp\/v2\/pages\/10632","targetHints":{"allow":["GET"]}}],"collection":[{"href":"https:\/\/www.ferro.cat\/Despertaferro\/wp-json\/wp\/v2\/pages"}],"about":[{"href":"https:\/\/www.ferro.cat\/Despertaferro\/wp-json\/wp\/v2\/types\/page"}],"author":[{"embeddable":true,"href":"https:\/\/www.ferro.cat\/Despertaferro\/wp-json\/wp\/v2\/users\/1"}],"replies":[{"embeddable":true,"href":"https:\/\/www.ferro.cat\/Despertaferro\/wp-json\/wp\/v2\/comments?post=10632"}],"version-history":[{"count":2,"href":"https:\/\/www.ferro.cat\/Despertaferro\/wp-json\/wp\/v2\/pages\/10632\/revisions"}],"predecessor-version":[{"id":10634,"href":"https:\/\/www.ferro.cat\/Despertaferro\/wp-json\/wp\/v2\/pages\/10632\/revisions\/10634"}],"wp:attachment":[{"href":"https:\/\/www.ferro.cat\/Despertaferro\/wp-json\/wp\/v2\/media?parent=10632"}],"curies":[{"name":"wp","href":"https:\/\/api.w.org\/{rel}","templated":true}]}}